{"id":62,"date":"2015-07-22T10:58:36","date_gmt":"2015-07-22T10:58:36","guid":{"rendered":"http:\/\/lacherstall.de\/cms\/?page_id=62"},"modified":"2024-11-08T11:27:10","modified_gmt":"2024-11-08T10:27:10","slug":"feiern-im-lacherstall","status":"publish","type":"page","link":"https:\/\/lacherstall.de\/cms\/feiern-im-lacherstall\/","title":{"rendered":"Feiern im Lacher Stall"},"content":{"rendered":"<div id=\"pl-62\"  class=\"panel-layout\" ><div id=\"pg-62-0\"  class=\"panel-grid panel-no-style\" ><div id=\"pgc-62-0-0\"  class=\"panel-grid-cell panel-grid-cell-empty\" ><\/div><\/div><div id=\"pg-62-1\"  class=\"panel-grid panel-no-style\" ><div id=\"pgc-62-1-0\"  class=\"panel-grid-cell\" ><div id=\"panel-62-1-0-0\" class=\"so-panel widget widget_sow-editor panel-first-child panel-last-child\" data-index=\"0\" ><div class=\"so-widget-sow-editor so-widget-sow-editor-base\">\n<div class=\"siteorigin-widget-tinymce textwidget\">\n\t<p>Es gibt Tage im Leben, da m\u00f6chte man feiern.<\/p>\n<p>Suchen Sie eine geeignete R\u00e4umlichkeit f\u00fcr Ihr n\u00e4chstes Fest?<\/p>\n<p>M\u00f6chten Sie Speisen vom Buffet, oder lieber eine Men\u00fc Auswahl? Das alles k\u00f6nnen wir Ihnen bieten! Bei uns finden Sie den richtigen Rahmen und das passende Essen f\u00fcr Ihre Feier.<\/p>\n<p>Der Landgasthof Lacher Stall bietet:<\/p>\n<ul>\n<li>ein gem\u00fctliches Ofenzimmer f\u00fcr 10 bis 30 Personen<\/li>\n<li>ein rustikales Kaminzimmer f\u00fcr 20 Personen<\/li>\n<li>einen Europa Saal f\u00fcr 60 bis 80 Personen<\/li>\n<li>einen z\u00fcnftigen Biergarten mit Au\u00dfen-Grill,<\/li>\n<li>kostenlose Parkpl\u00e4tze und vieles mehr.<\/li>\n<\/ul>\n<p>Wir sorgen daf\u00fcr, dass Ihre Feier f\u00fcr Sie und Ihre G\u00e4ste zu einem unvergesslichen Erlebnis wird. Lassen Sie sich einfach von unseren Ideen und Vorschl\u00e4gen inspirieren!<\/p>\n<p>In den Sommermonaten k\u00f6nnen Sie Ihr Fest auch gerne in unserem gem\u00fctlichen Biergarten feiern.<\/p>\n<\/div>\n<\/div><\/div><\/div><div id=\"pgc-62-1-1\"  class=\"panel-grid-cell\" >\n          <div id=\"panel-62-1-1-0\" class=\"so-panel widget widget_kadence_gallery_widget kadence_gallery_widget panel-first-child panel-last-child\" data-index=\"1\" ><div id=\"kt_slider_widget-1-1-0\" class=\"slick-slider kad-light-gallery kt-slickslider loading kt-slider-same-image-ratio kad-wp-gallery\" data-slider-speed=\"7000\" data-slider-anim-speed=\"400\" data-slider-fade=\"true\" data-slider-type=\"slider\" data-slider-auto=\"true\" data-slider-thumbid=\"#kt_slider_widget-1-1-0-thumbs\" data-slider-arrows=\"true\" data-slider-initdelay=\"0\" data-slides-to-show=\"3\" data-slider-thumbs-showing=\"15\" style=\"max-width:1140px;\"><div class=\"kt-slick-slide\"><a href=\"https:\/\/lacherstall.de\/cms\/wp-content\/uploads\/2019\/05\/DSCF3504-624.jpeg\" data-rel=\"lightbox\" class=\"kt-slider-image-link\"><div itemprop=\"image\" itemscope itemtype=\"http:\/\/schema.org\/ImageObject\"><img class=\"skip-lazy\" src=\"https:\/\/lacherstall.de\/cms\/wp-content\/uploads\/2019\/05\/DSCF3504-624.jpeg\" width=\"624\" height=\"468\" alt=\"Biergarten Lacher Stall\" itemprop=\"contentUrl\" srcset=\"https:\/\/lacherstall.de\/cms\/wp-content\/uploads\/2019\/05\/DSCF3504-624.jpeg 624w, https:\/\/lacherstall.de\/cms\/wp-content\/uploads\/2019\/05\/DSCF3504-624-300x225.jpeg 300w, https:\/\/lacherstall.de\/cms\/wp-content\/uploads\/2019\/05\/DSCF3504-624-600x450.jpeg 600w\" sizes=\"(max-width: 624px) 100vw, 624px\"\/><meta itemprop=\"url\" content=\"https:\/\/lacherstall.de\/cms\/wp-content\/uploads\/2019\/05\/DSCF3504-624.jpeg\"><meta itemprop=\"width\" content=\"624px\"><meta itemprop=\"height\" content=\"468px\"><\/div><\/a><\/div><div class=\"kt-slick-slide\"><a href=\"https:\/\/lacherstall.de\/cms\/wp-content\/uploads\/2019\/06\/Collage_Kaminzimmer-624.jpg\" data-rel=\"lightbox\" class=\"kt-slider-image-link\"><div itemprop=\"image\" itemscope itemtype=\"http:\/\/schema.org\/ImageObject\"><img class=\"skip-lazy\" src=\"https:\/\/lacherstall.de\/cms\/wp-content\/uploads\/2019\/06\/Collage_Kaminzimmer-624.jpg\" width=\"624\" height=\"468\" alt=\"\" itemprop=\"contentUrl\" srcset=\"https:\/\/lacherstall.de\/cms\/wp-content\/uploads\/2019\/06\/Collage_Kaminzimmer-624.jpg 624w, https:\/\/lacherstall.de\/cms\/wp-content\/uploads\/2019\/06\/Collage_Kaminzimmer-624-300x225.jpg 300w, https:\/\/lacherstall.de\/cms\/wp-content\/uploads\/2019\/06\/Collage_Kaminzimmer-624-600x450.jpg 600w, https:\/\/lacherstall.de\/cms\/wp-content\/uploads\/2019\/06\/Collage_Kaminzimmer-624-400x300.jpg 400w\" sizes=\"(max-width: 624px) 100vw, 624px\"\/><meta itemprop=\"url\" content=\"https:\/\/lacherstall.de\/cms\/wp-content\/uploads\/2019\/06\/Collage_Kaminzimmer-624.jpg\"><meta itemprop=\"width\" content=\"624px\"><meta itemprop=\"height\" content=\"468px\"><\/div><\/a><\/div><div class=\"kt-slick-slide\"><a href=\"https:\/\/lacherstall.de\/cms\/wp-content\/uploads\/2019\/06\/Collage_Ofenzimmer-624.jpg\" data-rel=\"lightbox\" class=\"kt-slider-image-link\"><div itemprop=\"image\" itemscope itemtype=\"http:\/\/schema.org\/ImageObject\"><img class=\"skip-lazy\" src=\"https:\/\/lacherstall.de\/cms\/wp-content\/uploads\/2019\/06\/Collage_Ofenzimmer-624.jpg\" width=\"624\" height=\"468\" alt=\"Familienfeiern im Lachers Stall\" itemprop=\"contentUrl\" srcset=\"https:\/\/lacherstall.de\/cms\/wp-content\/uploads\/2019\/06\/Collage_Ofenzimmer-624.jpg 624w, https:\/\/lacherstall.de\/cms\/wp-content\/uploads\/2019\/06\/Collage_Ofenzimmer-624-300x225.jpg 300w, https:\/\/lacherstall.de\/cms\/wp-content\/uploads\/2019\/06\/Collage_Ofenzimmer-624-600x450.jpg 600w, https:\/\/lacherstall.de\/cms\/wp-content\/uploads\/2019\/06\/Collage_Ofenzimmer-624-400x300.jpg 400w\" sizes=\"(max-width: 624px) 100vw, 624px\"\/><meta itemprop=\"url\" content=\"https:\/\/lacherstall.de\/cms\/wp-content\/uploads\/2019\/06\/Collage_Ofenzimmer-624.jpg\"><meta itemprop=\"width\" content=\"624px\"><meta itemprop=\"height\" content=\"468px\"><\/div><\/a><\/div><div class=\"kt-slick-slide\"><a href=\"https:\/\/lacherstall.de\/cms\/wp-content\/uploads\/2019\/06\/collage-europasaal-624.jpg\" data-rel=\"lightbox\" class=\"kt-slider-image-link\"><div itemprop=\"image\" itemscope itemtype=\"http:\/\/schema.org\/ImageObject\"><img class=\"skip-lazy\" src=\"https:\/\/lacherstall.de\/cms\/wp-content\/uploads\/2019\/06\/collage-europasaal-624.jpg\" width=\"624\" height=\"468\" alt=\"\" itemprop=\"contentUrl\" srcset=\"https:\/\/lacherstall.de\/cms\/wp-content\/uploads\/2019\/06\/collage-europasaal-624.jpg 624w, https:\/\/lacherstall.de\/cms\/wp-content\/uploads\/2019\/06\/collage-europasaal-624-300x225.jpg 300w, https:\/\/lacherstall.de\/cms\/wp-content\/uploads\/2019\/06\/collage-europasaal-624-600x450.jpg 600w, https:\/\/lacherstall.de\/cms\/wp-content\/uploads\/2019\/06\/collage-europasaal-624-400x300.jpg 400w\" sizes=\"(max-width: 624px) 100vw, 624px\"\/><meta itemprop=\"url\" content=\"https:\/\/lacherstall.de\/cms\/wp-content\/uploads\/2019\/06\/collage-europasaal-624.jpg\"><meta itemprop=\"width\" content=\"624px\"><meta itemprop=\"height\" content=\"468px\"><\/div><\/a><\/div><\/div> <!--Image Slider--><\/div>\n    <\/div><\/div><div id=\"pg-62-2\"  class=\"panel-grid panel-no-style\" ><div id=\"pgc-62-2-0\"  class=\"panel-grid-cell panel-grid-cell-empty\" ><\/div><\/div><div id=\"pg-62-3\"  class=\"panel-grid panel-no-style\" ><div id=\"pgc-62-3-0\"  class=\"panel-grid-cell\" ><div id=\"panel-62-3-0-0\" class=\"so-panel widget widget_sow-slider panel-first-child panel-last-child\" data-index=\"2\" ><div class=\"so-widget-sow-slider so-widget-sow-slider-default-53fd0f98de19-62\"><div class=\"sow-slider-base\" style=\"display: none\"><ul class=\"sow-slider-images\" data-settings=\"{&quot;pagination&quot;:true,&quot;speed&quot;:800,&quot;timeout&quot;:5000,&quot;paused&quot;:false,&quot;pause_on_hover&quot;:false,&quot;swipe&quot;:true,&quot;nav_always_show_desktop&quot;:&quot;&quot;,&quot;nav_always_show_mobile&quot;:&quot;&quot;,&quot;breakpoint&quot;:&quot;780px&quot;}\">\t\t<li class=\"sow-slider-image  sow-slider-image-cover\" style=\"background-image: url(https:\/\/lacherstall.de\/cms\/wp-content\/uploads\/2019\/12\/weihnacht-lacher-stall-dscf5896-624.jpeg)\" >\n\t\t\t\t\t\t\t\t\t<img width=\"624\" height=\"832\" src=\"https:\/\/lacherstall.de\/cms\/wp-content\/uploads\/2019\/12\/weihnacht-lacher-stall-dscf5896-624.jpeg\" class=\"sow-slider-background-image skip-lazy\" alt=\"\" loading=\"eager\" srcset=\"https:\/\/lacherstall.de\/cms\/wp-content\/uploads\/2019\/12\/weihnacht-lacher-stall-dscf5896-624.jpeg 624w, https:\/\/lacherstall.de\/cms\/wp-content\/uploads\/2019\/12\/weihnacht-lacher-stall-dscf5896-624-225x300.jpeg 225w, https:\/\/lacherstall.de\/cms\/wp-content\/uploads\/2019\/12\/weihnacht-lacher-stall-dscf5896-624-600x800.jpeg 600w\" sizes=\"(max-width: 624px) 100vw, 624px\" \/>\t\t\t\t\t\t\t\t<\/li>\n\t\t\t\t<li class=\"sow-slider-image  sow-slider-image-cover\" style=\"background-image: url(https:\/\/lacherstall.de\/cms\/wp-content\/uploads\/2019\/12\/weihnacht-lacher-stall-dscf5871.jpg)\" >\n\t\t\t\t\t\t\t\t\t<img width=\"624\" height=\"832\" src=\"https:\/\/lacherstall.de\/cms\/wp-content\/uploads\/2019\/12\/weihnacht-lacher-stall-dscf5871.jpg\" class=\"sow-slider-background-image skip-lazy\" alt=\"\" loading=\"eager\" srcset=\"https:\/\/lacherstall.de\/cms\/wp-content\/uploads\/2019\/12\/weihnacht-lacher-stall-dscf5871.jpg 624w, https:\/\/lacherstall.de\/cms\/wp-content\/uploads\/2019\/12\/weihnacht-lacher-stall-dscf5871-225x300.jpg 225w, https:\/\/lacherstall.de\/cms\/wp-content\/uploads\/2019\/12\/weihnacht-lacher-stall-dscf5871-600x800.jpg 600w\" sizes=\"(max-width: 624px) 100vw, 624px\" \/>\t\t\t\t\t\t\t\t<\/li>\n\t\t\t\t<li class=\"sow-slider-image  sow-slider-image-cover\" style=\"background-image: url(https:\/\/lacherstall.de\/cms\/wp-content\/uploads\/2019\/12\/weihnacht-lacher-stall-dscf5879.jpg)\" >\n\t\t\t\t\t\t\t\t\t<img width=\"624\" height=\"832\" src=\"https:\/\/lacherstall.de\/cms\/wp-content\/uploads\/2019\/12\/weihnacht-lacher-stall-dscf5879.jpg\" class=\"sow-slider-background-image skip-lazy\" alt=\"\" loading=\"eager\" srcset=\"https:\/\/lacherstall.de\/cms\/wp-content\/uploads\/2019\/12\/weihnacht-lacher-stall-dscf5879.jpg 624w, https:\/\/lacherstall.de\/cms\/wp-content\/uploads\/2019\/12\/weihnacht-lacher-stall-dscf5879-225x300.jpg 225w, https:\/\/lacherstall.de\/cms\/wp-content\/uploads\/2019\/12\/weihnacht-lacher-stall-dscf5879-600x800.jpg 600w\" sizes=\"(max-width: 624px) 100vw, 624px\" \/>\t\t\t\t\t\t\t\t<\/li>\n\t\t\t\t<li class=\"sow-slider-image  sow-slider-image-cover\" style=\"background-image: url(https:\/\/lacherstall.de\/cms\/wp-content\/uploads\/2019\/12\/weihnacht-lacher-stall-dscf5870.jpg)\" >\n\t\t\t\t\t\t\t\t\t<img width=\"624\" height=\"832\" src=\"https:\/\/lacherstall.de\/cms\/wp-content\/uploads\/2019\/12\/weihnacht-lacher-stall-dscf5870.jpg\" class=\"sow-slider-background-image skip-lazy\" alt=\"\" loading=\"eager\" srcset=\"https:\/\/lacherstall.de\/cms\/wp-content\/uploads\/2019\/12\/weihnacht-lacher-stall-dscf5870.jpg 624w, https:\/\/lacherstall.de\/cms\/wp-content\/uploads\/2019\/12\/weihnacht-lacher-stall-dscf5870-225x300.jpg 225w, https:\/\/lacherstall.de\/cms\/wp-content\/uploads\/2019\/12\/weihnacht-lacher-stall-dscf5870-600x800.jpg 600w\" sizes=\"(max-width: 624px) 100vw, 624px\" \/>\t\t\t\t\t\t\t\t<\/li>\n\t\t<\/ul>\t\t\t\t<ol class=\"sow-slider-pagination\">\n\t\t\t\t\t\t\t\t\t\t\t<li><a href=\"#\" data-goto=\"0\" aria-label=\"display slide 1\"><\/a><\/li>\n\t\t\t\t\t\t\t\t\t\t\t<li><a href=\"#\" data-goto=\"1\" aria-label=\"display slide 2\"><\/a><\/li>\n\t\t\t\t\t\t\t\t\t\t\t<li><a href=\"#\" data-goto=\"2\" aria-label=\"display slide 3\"><\/a><\/li>\n\t\t\t\t\t\t\t\t\t\t\t<li><a href=\"#\" data-goto=\"3\" aria-label=\"display slide 4\"><\/a><\/li>\n\t\t\t\t\t\t\t\t\t<\/ol>\n\n\t\t\t\t<div class=\"sow-slide-nav sow-slide-nav-next\">\n\t\t\t\t\t<a href=\"#\" data-goto=\"next\" aria-label=\"next slide\" data-action=\"next\">\n\t\t\t\t\t\t<em class=\"sow-sld-icon-thin-right\"><\/em>\n\t\t\t\t\t<\/a>\n\t\t\t\t<\/div>\n\n\t\t\t\t<div class=\"sow-slide-nav sow-slide-nav-prev\">\n\t\t\t\t\t<a href=\"#\" data-goto=\"previous\" aria-label=\"previous slide\" data-action=\"prev\">\n\t\t\t\t\t\t<em class=\"sow-sld-icon-thin-left\"><\/em>\n\t\t\t\t\t<\/a>\n\t\t\t\t<\/div>\n\t\t\t\t<\/div><\/div><\/div><\/div><div id=\"pgc-62-3-1\"  class=\"panel-grid-cell\" ><div id=\"panel-62-3-1-0\" class=\"so-panel widget widget_sow-editor panel-first-child panel-last-child\" data-index=\"3\" ><div class=\"so-widget-sow-editor so-widget-sow-editor-base\"><h3 class=\"widget-title\">Weihnachtsfeier<\/h3>\n<div class=\"siteorigin-widget-tinymce textwidget\">\n\t<p>Das Jahr neigt sich langsam dem Ende entgegen\u2026..<\/p>\n<p>Zeit f\u00fcr die Weihnachtsfeier! Machen Sie die Weihnachtsparty zu einem besonderen Fest und st\u00e4rken Sie damit den Teamgeist nachhaltig in Ihrer Firma. Nutzen Sie die Zeit um sich an das zu erinnern, was im hektischen Gesch\u00e4ftsalltag viel zu oft zu kurz kam.<\/p>\n<p>Sagen Sie all Ihren Mitarbeitern f\u00fcr die erbrachte Leistung einfach mal \u00a0\u2013 DANKE!!!! Denn Erfolge werden nur mit einem guten Team erk\u00e4mpft!<\/p>\n<p>Da ist eine Weihnachtsfeier genau der richtige Ort, um sich bei allen Beteiligten herzlich zu bedanken. Mitarbeiter empfinden das weihnachtliche Betriebsfest als Wertsch\u00e4tzung f\u00fcr ihre Arbeit und ziehen daraus die Motivation, sich auch im n\u00e4chsten Jahr tatkr\u00e4ftig einzubringen. Au\u00dferdem bietet eine ungezwungene Feier die M\u00f6glichkeit, Kollegen mal von einer ganz anderen Seite kennen zu lernen.<\/p>\n<p>Doch bevor die Betriebsweihnachtsfeier starten kann, stellen sich einige Fragen:<\/p>\n<ul>\n<li>Eine Weihnachtsfeier f\u00fcr alle Abteilungen oder nur der enge Kreis?<\/li>\n<li>Ein Gl\u00fchwein Empfang am Au\u00dfengrill oder winterliche regionale K\u00f6stlichkeiten am Kamin?<\/li>\n<li>Ein gem\u00fctliches Beisammensein oder ein Abtanzen im gro\u00dfen Saal?<\/li>\n<\/ul>\n<p>Sie entscheiden und wir machen es m\u00f6glich.<br \/>\n&nbsp;<br \/>\nSprechen sie uns gerne <a name=\"familienfeiern\"><\/a>an.<\/p>\n<p><a href=\"https:\/\/lacherstall.de\/cms\/kontakt\/\">Kontaktformular<\/a><\/p>\n<\/div>\n<\/div><\/div><\/div><\/div><div id=\"pg-62-4\"  class=\"panel-grid panel-no-style\" ><div id=\"pgc-62-4-0\"  class=\"panel-grid-cell panel-grid-cell-empty\" ><\/div><\/div><div id=\"pg-62-5\"  class=\"panel-grid panel-no-style\" ><div id=\"pgc-62-5-0\"  class=\"panel-grid-cell\" ><div id=\"panel-62-5-0-0\" class=\"so-panel widget widget_sow-editor panel-first-child panel-last-child\" data-index=\"4\" ><div class=\"so-widget-sow-editor so-widget-sow-editor-base\"><h3 class=\"widget-title\">Familienfeiern<\/h3>\n<div class=\"siteorigin-widget-tinymce textwidget\">\n\t<p>Wenn Sie auf der Suche nach der passenden R\u00e4umlichkeit f\u00fcr Ihre n\u00e4chste Familienfeier sind, sprechen Sie uns gerne an.<\/p>\n<p>F\u00fcr Ihr Familienfest im kleinen Rahmen bietet sich das rustikale Kaminzimmer oder unser gem\u00fctliches Ofenzimmer im Wintergarten f\u00fcr bis zu 30 Personen, an.<\/p>\n<p>Egal ob Taufe, Kommunion, Konfirmation, Hochzeit oder der runde Geburtstag,\u00a0 im Lacher Stall finden Sie die R\u00e4ume f\u00fcr die kleine gem\u00fctliche Runde, oder den Europa Saal f\u00fcr bis zu 80 Personen.<\/p>\n<p>Wir beraten Sie gerne und gehen auf Ihre W\u00fcnsche und Ideen ein.<\/p>\n<\/div>\n<\/div><\/div><\/div><div id=\"pgc-62-5-1\"  class=\"panel-grid-cell\" ><div id=\"panel-62-5-1-0\" class=\"so-panel widget widget_kadence_about_with_image kadence_about_with_image panel-first-child panel-last-child\" data-index=\"5\" ><div class=\"kad_img_upload_widget kt-shape-type-kt-image-shape-standard kt-image-align-center kt-image-widget-widget-5-1-0\"><a href=\"https:\/\/lacherstall.de\/cms\/landgasthof\" target=\"_self\"><div class=\"kt-image-contain kt-image-shadow-large_below kt-image-shape-standard\"><div class=\"kt-image-inner-contain\"><img src=\"https:\/\/lacherstall.de\/cms\/wp-content\/uploads\/2019\/06\/Collage_Ofenzimmer-624.jpg\" width=\"624\" height=\"468\" srcset=\"https:\/\/lacherstall.de\/cms\/wp-content\/uploads\/2019\/06\/Collage_Ofenzimmer-624.jpg 624w, https:\/\/lacherstall.de\/cms\/wp-content\/uploads\/2019\/06\/Collage_Ofenzimmer-624-300x225.jpg 300w, https:\/\/lacherstall.de\/cms\/wp-content\/uploads\/2019\/06\/Collage_Ofenzimmer-624-600x450.jpg 600w, https:\/\/lacherstall.de\/cms\/wp-content\/uploads\/2019\/06\/Collage_Ofenzimmer-624-400x300.jpg 400w\" sizes=\"(max-width: 624px) 100vw, 624px\" class=\"\" itemprop=\"contentUrl\" alt=\"Familienfeiern im Lachers Stall\"><\/div><\/div><\/a><\/div><\/div><\/div><\/div><div id=\"pg-62-6\"  class=\"panel-grid panel-no-style\" ><div id=\"pgc-62-6-0\"  class=\"panel-grid-cell panel-grid-cell-empty\" ><\/div><\/div><div id=\"pg-62-7\"  class=\"panel-grid panel-no-style\" ><div id=\"pgc-62-7-0\"  class=\"panel-grid-cell\" ><div id=\"panel-62-7-0-0\" class=\"so-panel widget widget_kadence_about_with_image kadence_about_with_image panel-first-child panel-last-child\" data-index=\"6\" ><div class=\"kad_img_upload_widget kt-shape-type-kt-image-shape-standard kt-image-align-center kt-image-widget-widget-7-0-0\"><a href=\"https:\/\/lacherstall.de\/cms\/kontakt\" target=\"_self\"><div class=\"kt-image-contain kt-image-shadow-large_below kt-image-shape-standard\"><div class=\"kt-image-inner-contain\"><img width=\"624\" height=\"468\" src=\"https:\/\/lacherstall.de\/cms\/wp-content\/uploads\/2019\/06\/Collage_Kaminzimmer-624.jpg\" class=\"attachment-full size-full\" alt=\"\" loading=\"lazy\" srcset=\"https:\/\/lacherstall.de\/cms\/wp-content\/uploads\/2019\/06\/Collage_Kaminzimmer-624.jpg 624w, https:\/\/lacherstall.de\/cms\/wp-content\/uploads\/2019\/06\/Collage_Kaminzimmer-624-300x225.jpg 300w, https:\/\/lacherstall.de\/cms\/wp-content\/uploads\/2019\/06\/Collage_Kaminzimmer-624-600x450.jpg 600w, https:\/\/lacherstall.de\/cms\/wp-content\/uploads\/2019\/06\/Collage_Kaminzimmer-624-400x300.jpg 400w\" sizes=\"(max-width: 624px) 100vw, 624px\" \/><\/div><\/div><\/a><\/div><\/div><\/div><div id=\"pgc-62-7-1\"  class=\"panel-grid-cell\" ><div id=\"panel-62-7-1-0\" class=\"so-panel widget widget_sow-editor panel-first-child panel-last-child\" data-index=\"7\" ><div class=\"so-widget-sow-editor so-widget-sow-editor-base\"><h3 class=\"widget-title\">Firmenfeiern<\/h3>\n<div class=\"siteorigin-widget-tinymce textwidget\">\n\t<p>Suchen Sie geeignete R\u00e4umlichkeiten f\u00fcr Ihre n\u00e4chste Firmenfeier?<\/p>\n<p>Der Landgasthof Lacher Stall bietet:<\/p>\n<ul>\n<li>Ofenzimmer bis 30 Personen<\/li>\n<li>Kaminzimmer bis 20 Personen<\/li>\n<li>Europasaal bis 80 Personen<\/li>\n<li>Biergarten mit Au\u00dfengrill<\/li>\n<li>kostenlose Parkpl\u00e4tze<\/li>\n<\/ul>\n<p><a href=\"https:\/\/lacherstall.de\/cms\/firmenfeier\/\">Kontaktformular f\u00fcr Ihr Betriebsfest<\/a><\/p>\n<p>F\u00fcr eine Weihnachtsfeier oder ein Jubil\u00e4um\u00a0 ist die Lokalit\u00e4t des Lacher Stalles der perfekte Ort. Gerne senden wir Ihnen ein Angebot zu.<\/p>\n<p><a name=\"fruehstuecksbuffet\"><\/a>an.<\/p>\n<p><a href=\"https:\/\/lacherstall.de\/cms\/kontakt\/\">Kontaktformular<\/a><\/p>\n<\/div>\n<\/div><\/div><\/div><\/div><div id=\"pg-62-8\"  class=\"panel-grid panel-no-style\" ><div id=\"pgc-62-8-0\"  class=\"panel-grid-cell panel-grid-cell-empty\" ><\/div><\/div><div id=\"pg-62-9\"  class=\"panel-grid panel-no-style\" ><div id=\"pgc-62-9-0\"  class=\"panel-grid-cell\" ><div id=\"panel-62-9-0-0\" class=\"so-panel widget widget_sow-editor panel-first-child panel-last-child\" data-index=\"8\" ><div class=\"so-widget-sow-editor so-widget-sow-editor-base\"><h3 class=\"widget-title\">\u2615 Fr\u00fchst\u00fccksbuffet auf Bestellung im Lacherstall<\/h3>\n<div class=\"siteorigin-widget-tinymce textwidget\">\n\t<p>Die sch\u00f6nste Mahlzeit des Tages.<\/p>\n<p>Denn ein Tag im sch\u00f6nen Wiedtal f\u00e4ngt auf jeden Fall mit einem guten Fr\u00fchst\u00fcck an ... und das gibt es im Lacherstall auf Wunsch als gro\u00dfes Fr\u00fchst\u00fccksbuffet.<\/p>\n<p>Unser umfangreiches Angebot kann sich sehen lassen und individuelle W\u00fcnsche erf\u00fcllen wir Ihnen gerne.<\/p>\n<p>Dazu bieten wir verschieden Getr\u00e4nke, Tee und nat\u00fcrlich frischen Kaffee an.<\/p>\n<p>Lassen Sie sich verw\u00f6hnen.<\/p>\n<\/div>\n<\/div><\/div><\/div><div id=\"pgc-62-9-1\"  class=\"panel-grid-cell\" ><div id=\"panel-62-9-1-0\" class=\"so-panel widget widget_kadence_about_with_image kadence_about_with_image panel-first-child panel-last-child\" data-index=\"9\" ><div class=\"kad_img_upload_widget kt-shape-type-kt-image-shape-standard kt-image-align-center kt-image-widget-widget-9-1-0\"><a href=\"https:\/\/lacherstall.de\/cms\/kontakt\/\" target=\"_self\"><div class=\"kt-image-contain kt-image-shadow-large_below kt-image-shape-standard\"><div class=\"kt-image-inner-contain\"><img src=\"https:\/\/lacherstall.de\/cms\/wp-content\/uploads\/2020\/02\/2020_0102-Fr\u00fchst\u00fccksbuffet-624.jpg\" width=\"624\" height=\"441\" srcset=\"https:\/\/lacherstall.de\/cms\/wp-content\/uploads\/2020\/02\/2020_0102-Fr\u00fchst\u00fccksbuffet-624.jpg 624w, https:\/\/lacherstall.de\/cms\/wp-content\/uploads\/2020\/02\/2020_0102-Fr\u00fchst\u00fccksbuffet-624-300x212.jpg 300w, https:\/\/lacherstall.de\/cms\/wp-content\/uploads\/2020\/02\/2020_0102-Fr\u00fchst\u00fccksbuffet-624-600x424.jpg 600w\" sizes=\"(max-width: 624px) 100vw, 624px\" class=\"\" itemprop=\"contentUrl\" alt=\"\"><\/div><\/div><\/a><\/div><\/div><\/div><\/div><div id=\"pg-62-10\"  class=\"panel-grid panel-no-style\" ><div id=\"pgc-62-10-0\"  class=\"panel-grid-cell panel-grid-cell-empty\" ><\/div><\/div><div id=\"pg-62-11\"  class=\"panel-grid panel-no-style\" ><div id=\"pgc-62-11-0\"  class=\"panel-grid-cell\" ><div id=\"panel-62-11-0-0\" class=\"so-panel widget widget_kadence_about_with_image kadence_about_with_image panel-first-child panel-last-child\" data-index=\"10\" ><div class=\"kad_img_upload_widget kt-shape-type-kt-image-shape-standard kt-image-align-center kt-image-widget-widget-11-0-0\"><a href=\"https:\/\/lacherstall.de\/cms\/kontakt\/\" target=\"_self\"><div class=\"kt-image-contain kt-image-shadow-large_below kt-image-shape-standard\"><div class=\"kt-image-inner-contain\"><img src=\"https:\/\/lacherstall.de\/cms\/wp-content\/uploads\/2019\/06\/collage-europasaal-624.jpg\" width=\"624\" height=\"468\" srcset=\"https:\/\/lacherstall.de\/cms\/wp-content\/uploads\/2019\/06\/collage-europasaal-624.jpg 624w, https:\/\/lacherstall.de\/cms\/wp-content\/uploads\/2019\/06\/collage-europasaal-624-300x225.jpg 300w, https:\/\/lacherstall.de\/cms\/wp-content\/uploads\/2019\/06\/collage-europasaal-624-600x450.jpg 600w, https:\/\/lacherstall.de\/cms\/wp-content\/uploads\/2019\/06\/collage-europasaal-624-400x300.jpg 400w\" sizes=\"(max-width: 624px) 100vw, 624px\" class=\"\" itemprop=\"contentUrl\" alt=\"\"><\/div><\/div><\/a><\/div><\/div><\/div><div id=\"pgc-62-11-1\"  class=\"panel-grid-cell\" ><div id=\"panel-62-11-1-0\" class=\"so-panel widget widget_sow-editor panel-first-child panel-last-child\" data-index=\"11\" ><div class=\"so-widget-sow-editor so-widget-sow-editor-base\"><h3 class=\"widget-title\">F\u00fcr Vereine<\/h3>\n<div class=\"siteorigin-widget-tinymce textwidget\">\n\t<p>Ob Karnevalsverein, Fu\u00dfballverein oder Sch\u00fctzenverein, Sie sind herzlich Willkommen.<\/p>\n<p>Nutzen Sie unsere unterschiedlichen M\u00f6glichkeiten, um in geselliger Runde ihr Vereinsleben zu pflegen.<\/p>\n<p>Der Landgasthof Lacher Stall bietet:<\/p>\n<ul>\n<li>Abgetrennter gro\u00dfer Europasaal bis 80 Personen<\/li>\n<li>Ofenzimmer bis 30 Personen<\/li>\n<li>Kaminzimmer bis 20 Personen<\/li>\n<li>Biergarten mit rustikaler Bestuhlung und gro\u00dfem Au\u00dfen-Grill<\/li>\n<li>kostenlose Parkpl\u00e4tze<\/li>\n<\/ul>\n<p>Ein Tanzfl\u00e4che und eine B\u00fchne k\u00f6nnen im gro\u00dfen Europasaal f\u00fcr Sie bereitgestellt werden.<\/p>\n<p><a href=\"mailto:info@lacherstall.de\">Schreiben Sie uns eine E-Mail.<\/a><\/p>\n<p>Sprechen Sie uns gerne an, wir erstellen Ihnen ein Angebot.<\/p>\n<\/div>\n<\/div><\/div><\/div><\/div><div id=\"pg-62-12\"  class=\"panel-grid panel-no-style\" ><div id=\"pgc-62-12-0\"  class=\"panel-grid-cell panel-grid-cell-empty\" ><\/div><\/div><\/div><span class=\"kt-load-after-post\"><\/span>","protected":false},"excerpt":{"rendered":"<p>Es gibt Tage im Leben, da m\u00f6chte man feiern. Suchen Sie eine geeignete R\u00e4umlichkeit f\u00fcr Ihr n\u00e4chstes Fest? M\u00f6chten Sie Speisen vom Buffet, oder lieber eine Men\u00fc Auswahl? Das alles k\u00f6nnen wir Ihnen bieten! Bei uns finden Sie den richtigen &hellip; <a class=\"kt-excerpt-readmore more-link\" href=\"https:\/\/lacherstall.de\/cms\/feiern-im-lacherstall\/\" aria-label=\"Feiern im Lacher Stall\">Read More<\/a><\/p>\n","protected":false},"author":1,"featured_media":0,"parent":0,"menu_order":0,"comment_status":"closed","ping_status":"open","template":"","meta":[],"yoast_head":"<!-- This site is optimized with the Yoast SEO plugin v16.8 - https:\/\/yoast.com\/wordpress\/plugins\/seo\/ -->\n<title>Feiern im Lacher Stall - Lacher Stall \/ Ro\u00dfbach Wied<\/title>\n<meta name=\"description\" content=\"Mit unserer Eventgastronomie gestalten und wir Ihre Familienfeier, Ihre Betriebsfeier oder die Motorrad- oder Wandergruppe, wir verw\u00f6hnen Ihren Gaumen..\" \/>\n<meta name=\"robots\" content=\"index, follow, max-snippet:-1, max-image-preview:large, max-video-preview:-1\" \/>\n<link rel=\"canonical\" href=\"https:\/\/lacherstall.de\/cms\/feiern-im-lacherstall\/\" \/>\n<meta property=\"og:locale\" content=\"de_DE\" \/>\n<meta property=\"og:type\" content=\"article\" \/>\n<meta property=\"og:title\" content=\"Feiern im Lacher Stall - Lacher Stall \/ Ro\u00dfbach Wied\" \/>\n<meta property=\"og:description\" content=\"Mit unserer Eventgastronomie gestalten und wir Ihre Familienfeier, Ihre Betriebsfeier oder die Motorrad- oder Wandergruppe, wir verw\u00f6hnen Ihren Gaumen..\" \/>\n<meta property=\"og:url\" content=\"https:\/\/lacherstall.de\/cms\/feiern-im-lacherstall\/\" \/>\n<meta property=\"og:site_name\" content=\"Lacher Stall \/ Ro\u00dfbach Wied\" \/>\n<meta property=\"article:modified_time\" content=\"2024-11-08T10:27:10+00:00\" \/>\n<meta name=\"twitter:card\" content=\"summary_large_image\" \/>\n<meta name=\"twitter:label1\" content=\"Gesch\u00e4tzte Lesezeit\" \/>\n\t<meta name=\"twitter:data1\" content=\"3\u00a0Minuten\" \/>\n<script type=\"application\/ld+json\" class=\"yoast-schema-graph\">{\"@context\":\"https:\/\/schema.org\",\"@graph\":[{\"@type\":\"Organization\",\"@id\":\"https:\/\/lacherstall.de\/cms\/#organization\",\"name\":\"Lacher Stall Ro\\u00dfbach Wied\",\"url\":\"https:\/\/lacherstall.de\/cms\/\",\"sameAs\":[],\"logo\":{\"@type\":\"ImageObject\",\"@id\":\"https:\/\/lacherstall.de\/cms\/#logo\",\"inLanguage\":\"de\",\"url\":\"https:\/\/lacherstall.de\/cms\/wp-content\/uploads\/2019\/05\/logo_lacher-stall_oben-mitte.jpg\",\"contentUrl\":\"https:\/\/lacherstall.de\/cms\/wp-content\/uploads\/2019\/05\/logo_lacher-stall_oben-mitte.jpg\",\"width\":846,\"height\":445,\"caption\":\"Lacher Stall Ro\\u00dfbach Wied\"},\"image\":{\"@id\":\"https:\/\/lacherstall.de\/cms\/#logo\"}},{\"@type\":\"WebSite\",\"@id\":\"https:\/\/lacherstall.de\/cms\/#website\",\"url\":\"https:\/\/lacherstall.de\/cms\/\",\"name\":\"Lacher Stall \/ Ro\\u00dfbach Wied\",\"description\":\"Landgasthof\",\"publisher\":{\"@id\":\"https:\/\/lacherstall.de\/cms\/#organization\"},\"potentialAction\":[{\"@type\":\"SearchAction\",\"target\":{\"@type\":\"EntryPoint\",\"urlTemplate\":\"https:\/\/lacherstall.de\/cms\/?s={search_term_string}\"},\"query-input\":\"required name=search_term_string\"}],\"inLanguage\":\"de\"},{\"@type\":\"WebPage\",\"@id\":\"https:\/\/lacherstall.de\/cms\/feiern-im-lacherstall\/#webpage\",\"url\":\"https:\/\/lacherstall.de\/cms\/feiern-im-lacherstall\/\",\"name\":\"Feiern im Lacher Stall - Lacher Stall \/ Ro\\u00dfbach Wied\",\"isPartOf\":{\"@id\":\"https:\/\/lacherstall.de\/cms\/#website\"},\"datePublished\":\"2015-07-22T10:58:36+00:00\",\"dateModified\":\"2024-11-08T10:27:10+00:00\",\"description\":\"Mit unserer Eventgastronomie gestalten und wir Ihre Familienfeier, Ihre Betriebsfeier oder die Motorrad- oder Wandergruppe, wir verw\\u00f6hnen Ihren Gaumen..\",\"breadcrumb\":{\"@id\":\"https:\/\/lacherstall.de\/cms\/feiern-im-lacherstall\/#breadcrumb\"},\"inLanguage\":\"de\",\"potentialAction\":[{\"@type\":\"ReadAction\",\"target\":[\"https:\/\/lacherstall.de\/cms\/feiern-im-lacherstall\/\"]}]},{\"@type\":\"BreadcrumbList\",\"@id\":\"https:\/\/lacherstall.de\/cms\/feiern-im-lacherstall\/#breadcrumb\",\"itemListElement\":[{\"@type\":\"ListItem\",\"position\":1,\"name\":\"Startseite\",\"item\":\"https:\/\/lacherstall.de\/cms\/\"},{\"@type\":\"ListItem\",\"position\":2,\"name\":\"Feiern im Lacher Stall\"}]}]}<\/script>\n<!-- \/ Yoast SEO plugin. -->","yoast_head_json":{"title":"Feiern im Lacher Stall - Lacher Stall \/ Ro\u00dfbach Wied","description":"Mit unserer Eventgastronomie gestalten und wir Ihre Familienfeier, Ihre Betriebsfeier oder die Motorrad- oder Wandergruppe, wir verw\u00f6hnen Ihren Gaumen..","robots":{"index":"index","follow":"follow","max-snippet":"max-snippet:-1","max-image-preview":"max-image-preview:large","max-video-preview":"max-video-preview:-1"},"canonical":"https:\/\/lacherstall.de\/cms\/feiern-im-lacherstall\/","og_locale":"de_DE","og_type":"article","og_title":"Feiern im Lacher Stall - Lacher Stall \/ Ro\u00dfbach Wied","og_description":"Mit unserer Eventgastronomie gestalten und wir Ihre Familienfeier, Ihre Betriebsfeier oder die Motorrad- oder Wandergruppe, wir verw\u00f6hnen Ihren Gaumen..","og_url":"https:\/\/lacherstall.de\/cms\/feiern-im-lacherstall\/","og_site_name":"Lacher Stall \/ Ro\u00dfbach Wied","article_modified_time":"2024-11-08T10:27:10+00:00","twitter_card":"summary_large_image","twitter_misc":{"Gesch\u00e4tzte Lesezeit":"3\u00a0Minuten"},"schema":{"@context":"https:\/\/schema.org","@graph":[{"@type":"Organization","@id":"https:\/\/lacherstall.de\/cms\/#organization","name":"Lacher Stall Ro\u00dfbach Wied","url":"https:\/\/lacherstall.de\/cms\/","sameAs":[],"logo":{"@type":"ImageObject","@id":"https:\/\/lacherstall.de\/cms\/#logo","inLanguage":"de","url":"https:\/\/lacherstall.de\/cms\/wp-content\/uploads\/2019\/05\/logo_lacher-stall_oben-mitte.jpg","contentUrl":"https:\/\/lacherstall.de\/cms\/wp-content\/uploads\/2019\/05\/logo_lacher-stall_oben-mitte.jpg","width":846,"height":445,"caption":"Lacher Stall Ro\u00dfbach Wied"},"image":{"@id":"https:\/\/lacherstall.de\/cms\/#logo"}},{"@type":"WebSite","@id":"https:\/\/lacherstall.de\/cms\/#website","url":"https:\/\/lacherstall.de\/cms\/","name":"Lacher Stall \/ Ro\u00dfbach Wied","description":"Landgasthof","publisher":{"@id":"https:\/\/lacherstall.de\/cms\/#organization"},"potentialAction":[{"@type":"SearchAction","target":{"@type":"EntryPoint","urlTemplate":"https:\/\/lacherstall.de\/cms\/?s={search_term_string}"},"query-input":"required name=search_term_string"}],"inLanguage":"de"},{"@type":"WebPage","@id":"https:\/\/lacherstall.de\/cms\/feiern-im-lacherstall\/#webpage","url":"https:\/\/lacherstall.de\/cms\/feiern-im-lacherstall\/","name":"Feiern im Lacher Stall - Lacher Stall \/ Ro\u00dfbach Wied","isPartOf":{"@id":"https:\/\/lacherstall.de\/cms\/#website"},"datePublished":"2015-07-22T10:58:36+00:00","dateModified":"2024-11-08T10:27:10+00:00","description":"Mit unserer Eventgastronomie gestalten und wir Ihre Familienfeier, Ihre Betriebsfeier oder die Motorrad- oder Wandergruppe, wir verw\u00f6hnen Ihren Gaumen..","breadcrumb":{"@id":"https:\/\/lacherstall.de\/cms\/feiern-im-lacherstall\/#breadcrumb"},"inLanguage":"de","potentialAction":[{"@type":"ReadAction","target":["https:\/\/lacherstall.de\/cms\/feiern-im-lacherstall\/"]}]},{"@type":"BreadcrumbList","@id":"https:\/\/lacherstall.de\/cms\/feiern-im-lacherstall\/#breadcrumb","itemListElement":[{"@type":"ListItem","position":1,"name":"Startseite","item":"https:\/\/lacherstall.de\/cms\/"},{"@type":"ListItem","position":2,"name":"Feiern im Lacher Stall"}]}]}},"_links":{"self":[{"href":"https:\/\/lacherstall.de\/cms\/wp-json\/wp\/v2\/pages\/62"}],"collection":[{"href":"https:\/\/lacherstall.de\/cms\/wp-json\/wp\/v2\/pages"}],"about":[{"href":"https:\/\/lacherstall.de\/cms\/wp-json\/wp\/v2\/types\/page"}],"author":[{"embeddable":true,"href":"https:\/\/lacherstall.de\/cms\/wp-json\/wp\/v2\/users\/1"}],"replies":[{"embeddable":true,"href":"https:\/\/lacherstall.de\/cms\/wp-json\/wp\/v2\/comments?post=62"}],"version-history":[{"count":200,"href":"https:\/\/lacherstall.de\/cms\/wp-json\/wp\/v2\/pages\/62\/revisions"}],"predecessor-version":[{"id":12270,"href":"https:\/\/lacherstall.de\/cms\/wp-json\/wp\/v2\/pages\/62\/revisions\/12270"}],"wp:attachment":[{"href":"https:\/\/lacherstall.de\/cms\/wp-json\/wp\/v2\/media?parent=62"}],"curies":[{"name":"wp","href":"https:\/\/api.w.org\/{rel}","templated":true}]}}